{"id":479,"date":"2016-11-16T13:08:21","date_gmt":"2016-11-16T13:08:21","guid":{"rendered":"http:\/\/kcrtechnology.es\/kcr\/fr\/?page_id=479"},"modified":"2018-12-19T06:28:54","modified_gmt":"2018-12-19T06:28:54","slug":"politique-de-confidentialite","status":"publish","type":"page","link":"https:\/\/kcrtechnology.es\/fr\/politique-de-confidentialite\/","title":{"rendered":"Politique de Confidentialit\u00e9"},"content":{"rendered":"<p>KCR MECHANICAL TECHNOLOGY, S.L. met tout en \u0153uvre pour garantir la confidentialit\u00e9 du traitement de vos donn\u00e9es personnelles. Nous avons mis \u00e0 jour notre politique de confidentialit\u00e9 pour indiquer clairement comment nous collectons, utilisons et prot\u00e9geons les donn\u00e9es des personnes qui contactent notre soci\u00e9t\u00e9\u00a0:<\/p>\n<p style=\"padding-left: 30px;\">\u2022 responsable du traitement<br \/>\n\u2022 finalit\u00e9s du traitement des donn\u00e9es<br \/>\n\u2022 dur\u00e9e de conservation des donn\u00e9es<br \/>\n\u2022 l\u00e9gitimit\u00e9\u00a0pour le traitement des donn\u00e9es<br \/>\n\u2022 communication de donn\u00e9es<br \/>\n\u2022 transferts internationaux de donn\u00e9es<br \/>\n\u2022 vos droits<br \/>\n\u2022 obtention de vos donn\u00e9es.<\/p>\n<p>&nbsp;<\/p>\n<p><strong>Qui est le responsable du traitement de vos donn\u00e9es\u00a0?<\/strong><\/p>\n<p style=\"padding-left: 30px;\">Raison sociale\u00a0: KCR MECHANICAL TECHNOLOGY, S.L.<br \/>\nD\u00e9nomination commerciale\u00a0: KCR MECHANICAL TECHNOLOGY<br \/>\nNum\u00e9ro d\u2019identification fiscale\u00a0: B-65734444<br \/>\nAdresse postale\u00a0: CARRER DELS OFICIS, NAU 3 \u2013 08850 GAV\u00c0 (Barcelone)<br \/>\nT\u00e9l\u00e9phone\u00a0:\u00a0 +34 93 178 59 15<br \/>\nAdresse \u00e9lectronique\u00a0: <a href=\"mailto:comercial@kcrtechnology.es\">comercial@kcrtechnology.es<\/a><\/p>\n<p><strong>Dans quel but traitons-nous vos donn\u00e9es personnelles\u00a0?<\/strong><\/p>\n<p>KCR MECHANICAL TECHNOLOGY, S.L. effectue le traitement de vos donn\u00e9es aux fins suivantes, en fonction du motif pour lequel vous nous les avez fournies\u00a0:<\/p>\n<p style=\"padding-left: 30px;\">1. G\u00e9rer les donn\u00e9es directement fournies par l&#8217;int\u00e9ress\u00e9 lui-m\u00eame, au niveau professionnel, pour l&#8217;informer sur nos produits et services, r\u00e9pondre \u00e0 sa demande, requ\u00eate ou question et en faire un suivi ult\u00e9rieur\u00a0;<\/p>\n<p style=\"padding-left: 30px;\">2. G\u00e9rer les donn\u00e9es fournies par le client au moment de contracter nos services, aux niveaux organisationnel, comptable, fiscal et administratif, ainsi que pour l&#8217;informer sur les services, \u00e9v\u00e9nements et actualit\u00e9s li\u00e9s \u00e0 notre activit\u00e9 professionnelle, susceptibles de l&#8217;int\u00e9resser\u00a0;<\/p>\n<p style=\"padding-left: 30px;\">3. G\u00e9rer les donn\u00e9es professionnelles de l\u2019UTILISATEUR du fait de sa participation aux diff\u00e9rents \u00e9v\u00e9nements et activit\u00e9s que nous organisons, si celui-ci nous a autoris\u00e9s \u00e0 l\u2019informer sur d\u2019autres activit\u00e9s ou \u00e9v\u00e9nements que nous pouvons organiser, susceptibles de l\u2019int\u00e9resser\u00a0;<\/p>\n<p style=\"padding-left: 30px;\">4. D\u00e9finir, le cas \u00e9ch\u00e9ant, le profil de l&#8217;UTILISATEUR pour lui proposer nos produits et services.<\/p>\n<p>&nbsp;<\/p>\n<p><strong>Quelle est la dur\u00e9e de conservation de vos donn\u00e9es\u00a0?<\/strong><\/p>\n<p style=\"padding-left: 30px;\">\u2022 Les donn\u00e9es pour la gestion de la <strong>relation avec le client et la facturation et l&#8217;encaissement des services<\/strong> sont conserv\u00e9es aussi longtemps que le contrat reste valide. Une fois cette relation finalis\u00e9e, le cas \u00e9ch\u00e9ant, les donn\u00e9es peuvent \u00eatre conserv\u00e9es pendant la dur\u00e9e requise par la l\u00e9gislation applicable et jusqu&#8217;\u00e0 prescription des responsabilit\u00e9s \u00e9ventuelles d\u00e9riv\u00e9es du contrat.<\/p>\n<p style=\"padding-left: 30px;\">\u2022 Les donn\u00e9es relatives aux <strong>publications de commentaires<\/strong> sur nos produits sont conserv\u00e9es pendant la validit\u00e9 et la publicit\u00e9 des produits ou services auxquels ils se rapportent, sauf si vous exprimez votre d\u00e9sir de les supprimer \u00e0 tout moment.<\/p>\n<p style=\"padding-left: 30px;\">\u2022 Les donn\u00e9es relatives \u00e0 la <strong>participation \u00e0 des \u00e9v\u00e9nements et activit\u00e9s<\/strong> sont conserv\u00e9es pendant le temps n\u00e9cessaire aux fins d\u00e9crites, sauf si vous vous \u00eates oppos\u00e9 \u00e0 leur traitement ou si vous les avez d\u00e9j\u00e0 annul\u00e9es.<\/p>\n<p style=\"padding-left: 30px;\">\u2022 Les donn\u00e9es relatives \u00e0 l&#8217;envoi de <strong>communications commerciales et \u00e0 la pr\u00e9paration de profils commerciaux<\/strong> de nos produits ou services sont conserv\u00e9es ind\u00e9finiment jusqu&#8217;\u00e0 ce que, le cas \u00e9ch\u00e9ant, vous manifestiez votre volont\u00e9 de les supprimer.<\/p>\n<p>&nbsp;<\/p>\n<p><strong>Quelle est la l\u00e9gitimit\u00e9 pour le traitement de vos donn\u00e9es\u00a0?<\/strong><\/p>\n<p style=\"padding-left: 30px;\">\u2022 La base l\u00e9gale pour le traitement de vos donn\u00e9es aux fins 1 \u00e0 3 est <span style=\"text-decoration: underline;\">l\u2019ex\u00e9cution contractuelle de la fourniture du service<\/span> correspondant.<\/p>\n<p style=\"padding-left: 30px;\">\u2022 L&#8217;offre potentielle de produits et services aux clients repose sur la satisfaction de <span style=\"text-decoration: underline;\">l&#8217;int\u00e9r\u00eat commercial l\u00e9gitime<\/span> qui consiste \u00e0 offrir \u00e0 nos clients la possibilit\u00e9 de commander d&#8217;autres produits ou services, afin de les fid\u00e9liser. Cet int\u00e9r\u00eat l\u00e9gitime est reconnu par la r\u00e9glementation l\u00e9gale applicable (r\u00e8glement g\u00e9n\u00e9ral sur la protection des donn\u00e9es), qui autorise express\u00e9ment le traitement de donn\u00e9es personnelles sur cette base l\u00e9gale \u00e0 des fins de marketing direct.<\/p>\n<p style=\"padding-left: 30px;\">N\u00e9anmoins, nous vous rappelons que vous avez le droit de vous opposer au traitement de vos donn\u00e9es et que vous pouvez le faire par l&#8217;un des moyens d\u00e9crits dans cette politique.<\/p>\n<p style=\"padding-left: 30px;\">\u2022 L&#8217;envoi de communications commerciales \u00e0 des utilisateurs non clients repose sur <span style=\"text-decoration: underline;\">le consentement<\/span> de l&#8217;int\u00e9ress\u00e9 qui a \u00e9t\u00e9 demand\u00e9 et qui peut \u00eatre r\u00e9voqu\u00e9 \u00e0 tout moment. Le retrait de ce consentement n\u2019affectera en aucun cas l\u2019ex\u00e9cution du contrat, mais les traitements de donn\u00e9es effectu\u00e9s \u00e0 cet effet pr\u00e9c\u00e9demment ne perdront pas leur l\u00e9galit\u00e9 du fait de la r\u00e9vocation du consentement.<\/p>\n<p>&nbsp;<\/p>\n<p><strong>Quels sont les destinataires auxquels vos donn\u00e9es seront communiqu\u00e9es\u00a0?<\/strong><\/p>\n<p style=\"padding-left: 30px;\">Les donn\u00e9es ne seront pas c\u00e9d\u00e9es \u00e0 des tiers, sauf\u00a0:<\/p>\n<p style=\"padding-left: 30px;\">\u2022 Aux\u00a0<strong>\u00e9tablissements financiers<\/strong> par l&#8217;interm\u00e9diaire desquels la gestion des encaissements et des paiements est effectu\u00e9e\u00a0;<\/p>\n<p style=\"padding-left: 30px;\">\u2022 Aux\u00a0<strong>administrations publiques<\/strong>\u00a0comp\u00e9tentes, dans les cas pr\u00e9vus par la loi et aux fins qui y sont d\u00e9finies.<\/p>\n<p>&nbsp;<\/p>\n<p><strong>Transferts de donn\u00e9es \u00e0 des pays tiers\u00a0?<\/strong><\/p>\n<p style=\"padding-left: 30px;\">Aucun transfert international de vos donn\u00e9es personnelles n&#8217;est r\u00e9alis\u00e9.<\/p>\n<p>&nbsp;<\/p>\n<p><strong>Quels sont vos droits lorsque vous nous fournissez vos donn\u00e9es personnelles\u00a0?<\/strong><\/p>\n<p style=\"padding-left: 30px;\">\u2022 Toute personne a le droit de demander si, chez KCR MECHANICAL TECHNOLOGY, S.L. nous traitons ou non des donn\u00e9es personnelles la concernant.<\/p>\n<p style=\"padding-left: 30px;\">\u2022 Les personnes int\u00e9ress\u00e9es ont le droit d&#8217;acc\u00e9der \u00e0 leurs donn\u00e9es personnelles, de demander la rectification des donn\u00e9es inexactes ou, le cas \u00e9ch\u00e9ant, leur suppression lorsque, entre autres, les donn\u00e9es ne sont plus n\u00e9cessaires \u00e0 la finalit\u00e9 pour laquelle elles ont \u00e9t\u00e9 collect\u00e9es.<\/p>\n<p style=\"padding-left: 30px;\">\u2022 Dans certaines circonstances, les personnes int\u00e9ress\u00e9es peuvent demander la limitation du traitement de leurs donn\u00e9es ou leur portabilit\u00e9, auquel cas nous ne les conserverons que pour l&#8217;exercice ou la d\u00e9fense de r\u00e9clamations.<\/p>\n<p style=\"padding-left: 30px;\">\u2022 Dans certaines circonstances et pour des raisons li\u00e9es \u00e0 leur situation particuli\u00e8re, les personnes int\u00e9ress\u00e9es peuvent s&#8217;opposer au traitement de leurs donn\u00e9es. Dans ce cas,\u00a0 KCR MECHANICAL TECHNOLOGY, S.L. cessera de traiter les donn\u00e9es, sauf en cas de raisons l\u00e9gitimes imp\u00e9rieuses, ou pour l&#8217;exercice ou la d\u00e9fense de r\u00e9clamations \u00e9ventuelles.<\/p>\n<p style=\"padding-left: 30px;\">Concr\u00e8tement, vous pouvez exercer vos droits comme suit\u00a0:<\/p>\n<p style=\"padding-left: 30px;\">\u2212 Par courrier \u00e9lectronique, en joignant la photocopie de votre carte d&#8217;identit\u00e9, \u00e0\u00a0l&#8217;adresse\u00a0:\u00a0comercial@kcrtechnology.es.<\/p>\n<p style=\"padding-left: 30px;\">\u2212 Par courrier postal\u00a0\u00e0\u00a0l&#8217;adresse\u00a0: Carrer dels Oficis, nau 3 \u2013 08850 Gav\u00e0 (Barcelone), en joignant la photocopie de votre carte d&#8217;identit\u00e9.<\/p>\n<p style=\"padding-left: 30px;\">\u2212 Aux adresses \u00e9lectronique et postale indiqu\u00e9es, nous vous fournirons les formulaires correspondants pour exercer ces droits de mani\u00e8re effective.<\/p>\n<p style=\"padding-left: 30px;\">\u2022 Si vous avez donn\u00e9 votre consentement dans un but sp\u00e9cifique, vous avez le droit de retirer le consentement donn\u00e9 \u00e0 tout moment, sans que cela n&#8217;affecte la l\u00e9galit\u00e9 du traitement bas\u00e9 sur votre consentement avant son retrait.<\/p>\n<p style=\"padding-left: 30px;\">\u2022 Si vous estimez que vos droits \u00e0 la protection de vos donn\u00e9es personnelles sont viol\u00e9s, en particulier lorsque vous n\u2019avez pas obtenu satisfaction dans l\u2019exercice de vos droits, vous pouvez d\u00e9poser une plainte aupr\u00e8s de l\u2019autorit\u00e9 de contr\u00f4le comp\u00e9tente en mati\u00e8re de protection des donn\u00e9es sur son site web\u00a0: www.agpd.es.<\/p>\n<p>&nbsp;<\/p>\n<p><strong>Comment avons-nous obtenu vos donn\u00e9es\u00a0?<\/strong><\/p>\n<p style=\"padding-left: 30px;\">\u2022 Les donn\u00e9es personnelles trait\u00e9es par KCR MECHANICAL TECHNOLOGY, S.L. proviennent des int\u00e9ress\u00e9s eux-m\u00eames ou de leur repr\u00e9sentant l\u00e9gal.<\/p>\n<p style=\"padding-left: 30px;\">\u2022 Nous vous rappelons que vous ne devez pas fournir de donn\u00e9es de tiers, \u00e0 moins que vous en ayez obtenu l&#8217;autorisation et qu&#8217;ils en aient \u00e9t\u00e9 pr\u00e9alablement inform\u00e9s.<\/p>\n<p style=\"padding-left: 30px;\">\u2022 Les cat\u00e9gories sp\u00e9ciales de donn\u00e9es personnelles ne sont pas trait\u00e9es (soit les donn\u00e9es relatives \u00e0 l&#8217;origine ethnique ou raciale, aux opinions politiques, aux convictions religieuses ou philosophiques, \u00e0 l&#8217;appartenance syndicale, aux donn\u00e9es g\u00e9n\u00e9tiques et biom\u00e9triques visant \u00e0 identifier de mani\u00e8re univoque une personne physique, \u00e0 la sant\u00e9, \u00e0 la vie sexuelle ou \u00e0 l\u2019orientation sexuelle des personnes).<\/p>\n","protected":false},"excerpt":{"rendered":"<p>KCR MECHANICAL TECHNOLOGY, S.L. met tout en \u0153uvre pour garantir la confidentialit\u00e9 du traitement de vos donn\u00e9es personnelles. Nous avons mis \u00e0 jour notre politique de confidentialit\u00e9 pour indiquer clairement [&hellip;]<\/p>\n","protected":false},"author":1,"featured_media":0,"parent":0,"menu_order":0,"comment_status":"closed","ping_status":"closed","template":"page_int.php","meta":{"footnotes":""},"_links":{"self":[{"href":"https:\/\/kcrtechnology.es\/fr\/wp-json\/wp\/v2\/pages\/479"}],"collection":[{"href":"https:\/\/kcrtechnology.es\/fr\/wp-json\/wp\/v2\/pages"}],"about":[{"href":"https:\/\/kcrtechnology.es\/fr\/wp-json\/wp\/v2\/types\/page"}],"author":[{"embeddable":true,"href":"https:\/\/kcrtechnology.es\/fr\/wp-json\/wp\/v2\/users\/1"}],"replies":[{"embeddable":true,"href":"https:\/\/kcrtechnology.es\/fr\/wp-json\/wp\/v2\/comments?post=479"}],"version-history":[{"count":6,"href":"https:\/\/kcrtechnology.es\/fr\/wp-json\/wp\/v2\/pages\/479\/revisions"}],"predecessor-version":[{"id":722,"href":"https:\/\/kcrtechnology.es\/fr\/wp-json\/wp\/v2\/pages\/479\/revisions\/722"}],"wp:attachment":[{"href":"https:\/\/kcrtechnology.es\/fr\/wp-json\/wp\/v2\/media?parent=479"}],"curies":[{"name":"wp","href":"https:\/\/api.w.org\/{rel}","templated":true}]}}